{"id":3425,"date":"2015-01-24T03:37:24","date_gmt":"2015-01-24T01:37:24","guid":{"rendered":"http:\/\/www.quisquilia.net\/nova_blog\/wordpress\/?page_id=3425"},"modified":"2016-01-20T23:25:50","modified_gmt":"2016-01-20T21:25:50","slug":"cd2015","status":"publish","type":"page","link":"https:\/\/www.quisquilia.net\/nova_blog\/wordpress\/cd2015","title":{"rendered":"2015"},"content":{"rendered":"<p><em>Konzerte, die ich anno Domini 2015 besuchte:<\/em><\/p>\n<p>23.01. &#8211; Bi Nuu (ehemaliges Kato am Schlesischen Tor), Berlin:<br \/>\nStill Parade (Niklas Kramer, et al.) \/ Cold Specks (Al Spx (= Ladan Hussein; voc, g), Chris Cundy (reeds), et al.)<\/p>\n<p>25.01. &#8211; Horns &#038; Hooves, Berlin &#8211; <em><a href=\"http:\/\/www.hornsandhooves.de\/noites-cariocas-live-brazilian-jazz\/\">Noites Cariocas &#8211; Live Brazilian Jazz<\/a><\/em>:<br \/>\nMarcelo Conti (b), Pedro Carneiro (p, synth), <a href=\"https:\/\/dominickgray.wordpress.com\">Dominick Gray<\/a> (dr), NN (fem. voc.)<\/p>\n<p>13.02. &#8211; Neu West Berlin &#8211; <em><a href=\"http:\/\/www.ontai.de\/2015\/02\/11\/13-2-art-show-2015-thank-neu-west-berlin\/\">&#8222;Alluvium&#8220;: UdK-Abschlu\u00dfklasse Thomas Zipp<\/a> \/ <a href=\"http:\/\/neuwestberlin.de\/event\/happy-endings\/\">&#8222;Happy Endings&#8220;<\/a><\/em>:<br \/>\nDie!Hartjungs \/ Mijk van Dijk u.a. DJs <em>(zuvor: Vernissage zur Ausstellung von Mark Lammert im Diehl Cube)<\/em><\/p>\n<p>15.02. &#8211; Neue Heimat, Berlin &#8211; <em>Berlin Village Market mit Street Food, Music &#038; Art<\/em>:<br \/>\nDJ Ilo Pan \/ Thijs de Kijns (g), Koen Dijkman (dr) &#038; Carmelo Leotta (b, dir)<\/p>\n<p>19.02. &#8211; KW Kunst-Werke Berlin &#8211; Institute for Contemporary Art, Berlin &#8211; <em><a href=\"http:\/\/www.6554.de\/021915\/\">Feed at KW 021915<\/a><\/em>:<br \/>\nTobias Purf\u00fcrst \/ Hanno Leichtmann<\/p>\n<p>07.03. &#8211; Marie Antoinette, Berlin &#8211; <em>Raubbau Presents: Der Tag der Befreiung ist nah!!! (21)<\/em>:<br \/>\nTemplegarden&#8217;s \/ Troum<\/p>\n<p>08.03. &#8211; Mauerpark, Berlin:<br \/>\nMike from NYC (soprano sax) et al. \/ NN. &#038; NN. (dr, perc)<\/p>\n<p>08.-09.03. \u2013 Berghain, Berlin \u2013 <em>Token-Klubnacht<\/em>:<br \/>\nR\u00f8dh\u00e5d \/ Kr!z \/ Ben Klock \/ PBR Streetgang \/ tINI \/ Mano le Tough<\/p>\n<p>19.03. &#8211; Felleshus, Nordische Botschaften, Berlin &#8211; <em>Magma Chamber: Meet the Composer<\/em>:<br \/>\nAnna \u00deorvaldsd\u00f3ttir &#038; Eivind Buene in conversation \/<br \/>\nAnna \u00deorvaldsd\u00f3ttir (comp, electr) &#038; Tinna \u00deorsteinsd\u00f3ttir (p) \/ Sigur\u00f0ur Gu\u00f0j\u00f3nsson (video): <em>Trajectories<\/em><\/p>\n<p>28.03. &#8211; Miasmah \/ Sonic Pieces HQ, B\u00f6tzowstr. 51a, Berlin &#8211; <em>Rrose S\u00e9lavy Presents<\/em>:<br \/>\nChris Hefner: <em><a href=\"https:\/\/vimeo.com\/63976017\">The Pink Hotel<\/a> (Film, 2010)<\/em> \/ Jasmine Guffond<\/p>\n<p>16.04. &#8211; 14th Street \/ Union Square Station (N, Q, R Lines), NYC:<br \/>\nKarikatura [<a href=\"https:\/\/instagram.com\/p\/1BYtFoSRh7\/\">Video<\/a> eines \u00e4lteren Auftritts]<\/p>\n<p>19.04. &#8211; 555 Edgecombe Ave \/ 160th St, Apartment 3F, NYC &#8211; <em><a href=\"http:\/\/www.placematters.net\/node\/1911\">Marjorie Eliot&#8217;s Parlor Jazz<\/a> (&#038; her birthday on the 18th!)<\/em>:<br \/>\n<a href=\"https:\/\/www.facebook.com\/rudeld\">Rudel Drears<\/a> (dir, p, voc), Nicholas Mauro (tr), Sedric Choukroun (sax, cl), Gaku Takanashi (b), Marjorie Eliot (dir, p)<\/p>\n<p>25.04. &#8211; Musikbrauerei (Schneider-Brauerei), Berlin &#8211; <em><a href=\"http:\/\/www.digitalinberlin.de\/kiezsalon\/\">Kiezsalon<\/a> Prenzlauer Berg Opening<\/em>:<br \/>\n<a href=\"https:\/\/www.facebook.com\/tapebox\">Sculpture<\/a> (Dan Hayhurst (electr), Reuben Sutherland (visuals)) \/ <a href=\"https:\/\/www.monkeytownrecords.com\/artists\/view\/32\/gajek\">Gajek<\/a> \/ Hanno Leichtmann u.a. DJs<\/p>\n<p>09.05. &#8211; Kantine am Berghain, Berlin:<br \/>\nKRTS (Kurtis Hairston) \/ D\u00e4lek<\/p>\n<p>20.05. &#8211; West Germany, Berlin &#8211; <em><a href=\"https:\/\/www.facebook.com\/events\/450896448413629\/\">Drums Bass Bass Bass Drums<\/a><\/em>:<br \/>\nJohn Hollenbeck (dr), Dan-Peter Sundland (b), Robert Landfermann (db), Bernhard Meyer (b), Jim Black (dr)<\/p>\n<p>27.05. &#8211; Rummels Bucht, Berlin:<br \/>\n<a href=\"http:\/\/drejs-quintet.lima-city.de\">Drejs Quintet<\/a> (Andrej Ugoljew (tbn, keys), Simon Quinn (db, synth), Hanno Stick (dr), <a href=\"http:\/\/www.yemigonzales.com\">Yemi Gonzales<\/a> (v), Max Klaas (perc))<\/p>\n<p>05.06. &#8211; <a href=\"https:\/\/www.facebook.com\/kaosberlin\">KAOS<\/a>, Berlin-Obersch\u00f6neweide:<br \/>\n<a href=\"https:\/\/soundcloud.com\/projectplanbeat\">Plan Beat<\/a> (Robert Lee Fardoe (g, voc), Das Friedl (human beatbox))<\/p>\n<p>07.06. &#8211; Not only Jazz (<a href=\"http:\/\/www.notonlyjazz.com\">NoJ<\/a>), Berlin &#8211; <em><a href=\"https:\/\/www.facebook.com\/TheBarterSweatshop\">The Gumbo<\/a> #6<\/em>:<br \/>\nJulia Reidy (g, efx), Owen Roberts (cl) \/ Bree van Reyk (vib)<\/p>\n<p>18.06. &#8211; Deutsche Bank Kunsthalle, Berlin &#8211; <em>Checkpoint California: Intersex<\/em>:<br \/>\n<a href=\"http:\/\/hildamagazine.com\/heatsick.html\">Steven Warwick<\/a> &#038; Nicola Mascia<\/p>\n<p>24.06. &#8211; Landtag Brandenburg, Potsdam &#8211; <em>Lotto Brandenburg Kunstpreis Literatur Fotografie 2015<\/em>:<br \/>\nRalf Benschu (sax) &#038; Karsten Intrau (g)<\/p>\n<p>25.06. &#8211; Schokoladen Mitte, Berlin:<br \/>\nSferics (Felix-Florian T\u00f6dtloff) \/ Caudal (Aidan Baker (g), Gareth Sweeney (b), Felipe Salazar (dr))<\/p>\n<p>26.06. &#8211; Neue Heimat, Berlin &#8211; <em>Jazzy Berlin Jam Session<\/em>:<br \/>\nCarmelo Leotta (b, dir), <a href=\"http:\/\/www.bobbierae.com\">Bobbie Rae<\/a> (dr), Marque Lowenthal (p), El Congo Allen (= Daniel Allen Oberto, tr), Kenneth Dahl Knudsen (b), Malachi \u201cMike\u201d Basden (alt sax), Corbett Santana (voc), <a href=\"https:\/\/vaughnsholarsammons.wordpress.com\/charles-sammons\/\">Charles Sammons<\/a> (b), Dieter Irber (sax), NN (g), et al. mult.<\/p>\n<p>02.07. &#8211; S Warschauer Stra\u00dfe, Fu\u00dfg\u00e4ngersteg \/ Br\u00fccke, Berlin:<br \/>\nMono Crunch [<a href=\"https:\/\/www.facebook.com\/MonoCrunchOfficial\">FB<\/a>] [<a href=\"https:\/\/soundcloud.com\/monocrunch\/junglistman-mazterfly-ft-mono-crunch-live-street-set\">Soundcloud<\/a>] <em>(waiting for Nana)<\/em><\/p>\n<p>06.07. &#8211; Bi Nuu, Berlin:<br \/>\nRemi \/ <a href=\"http:\/\/audiotree.tv\/session\/doomtree\/\">Doomtree<\/a><\/p>\n<p>25.07. &#8211; Pampa: Holzmarkt, Berlin &#8211; <em><a href=\"http:\/\/www.holzmarkt.com\/chicken-bingo\/?lang=en\">Chicken Bingo<\/a><\/em>:<br \/>\nNN (? Knives) <em>[zwei Cajun-Gitarristen]<\/em><\/p>\n<p>26.07. \u2013 J\u00fcdisches Museum Berlin \u2013 <em>Sonntagsmatinee: Jazz in the Garden<\/em>:<br \/>\nItamar Erez (g) &#038; Yshai Afterman (perc)<\/p>\n<p>05.08. &#8211; Berghain, Berlin &#8211; <em><a href=\"https:\/\/askhelmut.com\/festivals\/a-l-arme-festival\">\u00c0 l&#8217;arme! Festival<\/a> Vol. III: Er\u00f6ffnungsnacht<\/em>:<br \/>\nMette Rasmussen (alto sax) \/ Colin Stetson (alto &#038; bass sax) &#038; Bill Laswell (b) \/ Zu (Luca T. Mai (barit sax), Massimo Pupillo (b), Tomas J\u00e4rmyr (dr)) \/ Mieko Suzuki (DJ)<\/p>\n<p>03.09. &#8211; Prince Charles, Berlin &#8211; <em>Die Nordischen Botschaften pr\u00e4sentieren: <a href=\"https:\/\/www.facebook.com\/events\/419414444912232\/\">S\u00e1mi Contemporary Night<\/a><\/em>:<br \/>\nSofia Jannok &#038; Band (Peter Tikkanen, Johan Englund, Tobias Hel\u00e9n) \/ <a href=\"http:\/\/www.mettehenriette.com\/trio\/\">Mette Henriette<\/a> (sax), Katrine Schi\u00f8tt (vc), Johan Lindvall (p) \/ <a href=\"https:\/\/www.facebook.com\/ylvaofficial\">Ylva<\/a><br \/>\n<em>dazwischen:<\/em> Modenschau der Couture von Stine Audorf<\/p>\n<p>05.09. &#8211; Watergate, Berlin &#8211; <em>XJazz &#038; <a href=\"https:\/\/www.bpb.de\/veranstaltungen\/format\/festival\/209129\/musikfestival-truemmern-und-traeumen\">Tr\u00fcmmern und Tr\u00e4umen<\/a> pr\u00e4sentieren: A Free Session with<\/em>:<br \/>\nG\u00fcnter &#8222;Baby&#8220; Sommer (dr, perc, horns &#038; organ pipes)  &#038; Rabih Beaini (electr)<\/p>\n<p>13.09. &#8211; Neue Heimat, Berlin &#8211; <em>Last Jazzy Berlin Jam Session @ Neue Heimat<\/em>:<br \/>\nNN (p), Charles Sammons (b), Dieter Irber (sax), NN (dr), Lia Andes (voc), Laura Corallini (voc), NN (sax), Eric Vaughn (dr) u.v.a., Avi Albers Ben Chamo (dir)<\/p>\n<p>30.09. &#8211; Sapphire, Chausseestra\u00dfe 43, 10115 Berlin &#8211; <em>Richtfest in Anwesenheit von Daniel Libeskind<\/em>:<br \/>\nDavid Milzow (sax)<\/p>\n<p>16.10. &#8211; Musikbrauerei (Schneider-Brauerei), Berlin &#8211; <em><a href=\"http:\/\/www.digitalinberlin.de\/kiezsalon-matana-roberts-rayon-musikbrauerei-october-2015\/\">Kiezsalon Special<\/a><\/em>:<br \/>\nRayon (Markus Acher (harm, org, perc), Sachiko Hara (p), Christoph &#8222;<a href=\"http:\/\/cicobeck.de\/vita.html\">Cico<\/a>&#8220; Beck (mar, perc), Karl Ivar Refseth (vib, perc), Anton Kaun (electr)) \/ Matana Roberts (voc, alto sax, electr (mixing desk, sampler, laptop)) <em>[<a href=\"http:\/\/www.jazzwisemagazine.com\/breaking-news\/13840-matana-roberts-stuns-with-emotional-cerebral-sonic-visual-coin-coin-solo-show\">Bericht aus London<\/a>]<\/em><\/p>\n<p>19.10. \u2013 B-Flat, Berlin:<br \/>\nBerlin Art Quartet (Johannes Bauer (tb), <a href=\"http:\/\/www.connybauer.de\/ensemblesprojekte\/bauer-4\">Matthias Bauer<\/a> (b), Reinhard Br\u00fcggemann (dr), Matthias Schubert (ts))<\/p>\n<p>30.10. \u2013 Kino Babylon (Rosa-Luxemburg-Platz), Berlin \u2013 <a href=\"http:\/\/www.ctm-festival.de\/concerts\/calendar\/concert\/2015\/10\/30\/programme\/event\/ableton_loop_i\/\">CTM X Ableton<\/a>:<br \/>\nRobert Aiki Aubrey Lowe (a.k.a. Lichens) \/ James Holden (synth, electr) &#038; Camilo Tirado (tablas): &#8222;Outdoor Museum of Fractals&#8220; (Hommage to Terry Riley)<\/p>\n<p>07.11. \u2013 Kuppelhalle, Silent Green Kulturquartier (ehem. Krematorium Wedding), Berlin:<br \/>\nLori Goldston (vc), Aidan Baker (g, efx) &#038; Andrea Belfi (dr): <em><a href=\"http:\/\/www.silent-green.net\/programm\/einzelansicht\/cal\/event\/detail\/2015\/11\/07\/lori_goldston_aidan_baker_andrea_belfi.html\">Musik zu<\/a> Carl Theodor Dreyers &#8222;Passion de Jeanne d&#8217;Arc&#8220;<\/em><\/p>\n<p>20.12. \u2013 Hebbel am Ufer (HAU 1), Berlin:<br \/>\nIsabelle Angotti, Rodolphe Aut\u00e9, Joachim Fosset, Cyril Gomez-Mathieu, S\u00e9bastien Jacobs, Victor Lenoble, \u00c9milien Tessier, Ga\u00ebtan Vourc\u2019h \/ Philippe Quesne, Marc Chevillon<br \/>\n(Philippe Quesne: \u201cLa m\u00e9lancolie des dragons\u201d) <em>[<a href=\"http:\/\/www.hebbel-am-ufer.de\/programm\/spielplan\/philippe-quesne-la-melancolie-des-dragons\/\">Bilder<\/a>]<\/em><\/p>\n<p><em>>>> <a href=\"http:\/\/www.quisquilia.net\/nova_blog\/wordpress\/concerti-divertimenti\">Zur\u00fcck<\/a><\/em><\/p>\n","protected":false},"excerpt":{"rendered":"<p>Konzerte, die ich anno Domini 2015 besuchte: 23.01. &#8211; Bi Nuu (ehemaliges Kato am Schlesischen Tor), Berlin: Still Parade (Niklas Kramer, et al.) \/ Cold Specks (Al Spx (= Ladan Hussein; voc, g), Chris Cundy (reeds), et al.) 25.01. &#8211; Horns &#038; Hooves, Berlin &#8211; Noites Cariocas &#8211; Live Brazilian Jazz: Marcelo Conti (b), Pedro [&hellip;]<\/p>\n","protected":false},"author":1,"featured_media":0,"parent":0,"menu_order":0,"comment_status":"open","ping_status":"open","template":"","meta":[],"_links":{"self":[{"href":"https:\/\/www.quisquilia.net\/nova_blog\/wordpress\/wp-json\/wp\/v2\/pages\/3425"}],"collection":[{"href":"https:\/\/www.quisquilia.net\/nova_blog\/wordpress\/wp-json\/wp\/v2\/pages"}],"about":[{"href":"https:\/\/www.quisquilia.net\/nova_blog\/wordpress\/wp-json\/wp\/v2\/types\/page"}],"author":[{"embeddable":true,"href":"https:\/\/www.quisquilia.net\/nova_blog\/wordpress\/wp-json\/wp\/v2\/users\/1"}],"replies":[{"embeddable":true,"href":"https:\/\/www.quisquilia.net\/nova_blog\/wordpress\/wp-json\/wp\/v2\/comments?post=3425"}],"version-history":[{"count":53,"href":"https:\/\/www.quisquilia.net\/nova_blog\/wordpress\/wp-json\/wp\/v2\/pages\/3425\/revisions"}],"predecessor-version":[{"id":3502,"href":"https:\/\/www.quisquilia.net\/nova_blog\/wordpress\/wp-json\/wp\/v2\/pages\/3425\/revisions\/3502"}],"wp:attachment":[{"href":"https:\/\/www.quisquilia.net\/nova_blog\/wordpress\/wp-json\/wp\/v2\/media?parent=3425"}],"curies":[{"name":"wp","href":"https:\/\/api.w.org\/{rel}","templated":true}]}}